{"id":721,"date":"2024-03-22T08:16:51","date_gmt":"2024-03-22T08:16:51","guid":{"rendered":"http:\/\/clavellcanals.com\/politiques-publiques\/"},"modified":"2024-04-22T10:11:48","modified_gmt":"2024-04-22T10:11:48","slug":"politicas-publicas","status":"publish","type":"page","link":"https:\/\/clavellcanals.com\/es\/politicas-publicas\/","title":{"rendered":"Pol\u00edticas p\u00fablicas"},"content":{"rendered":"<p>La especializaci\u00f3n y experiencia de Clavell Canals Consulting en el Derecho administrativo nos ha llevado a un especial inter\u00e9s por las Pol\u00edticas p\u00fablicas.<\/p>\n<p>La necesaria regeneraci\u00f3n democr\u00e1tica del pa\u00eds requiere alianzas basadas en el conocimiento que permitan concretar pol\u00edticas adecuadas, especialmente para las personas desfavorecidas de la sociedad.<\/p>\n<p>Tanto el sector p\u00fablico como el privado y las organizaciones sociales tienen un papel que desempe\u00f1ar en este contexto. Desde Clavell Canals Consulting aportamos nuestro bagaje para contribuir a los objetivos de modernizaci\u00f3n y eficacia de las Pol\u00edticas p\u00fablicas. La inquietud del equipo por las pol\u00edticas p\u00fablicas se concreta en diversas acciones:<\/p>\n<p>&nbsp;<\/p>\n<ul>\n<li><strong>Apoyo a las administraciones p\u00fablicas<\/strong><br \/>\nRedacci\u00f3n de textos normativos, elaboraci\u00f3n de planes y proyectos cuando hay necesidad de concretar o mejorar sus pol\u00edticas.<\/li>\n<li><strong>Apoyo a las organizaciones ciudadanas<\/strong><br \/>\nParticipaci\u00f3n personal de la directora de Clavell Canals Consulting en movimientos y espacios transformadores relacionados con el europe\u00edsmo, la energ\u00eda, la movilidad y nuevos modelos de ciudad. Impulso de proyectos que permitan concretar pol\u00edticas en la pr\u00e1ctica diaria. Docencia y divulgaci\u00f3n.<\/li>\n<li><strong>Europe\u00edsmo<\/strong><br \/>\n<a href=\"https:\/\/clavellcanals.com\/ca\/politiques-publiques#\" target=\"_blank\" rel=\"noopener noreferrer\">Fundaci\u00f3 Catalunya-Europa<\/a><br \/>\nDC es patrona de la Fundaci\u00f3n, destinada a la promoci\u00f3n del europe\u00edsmo y el legado de Pasqual Maragall.<\/li>\n<li><b>Energia<br \/>\n<\/b><a href=\"https:\/\/fundacionrenovables.org\/\" target=\"_blank\" rel=\"noopener noreferrer\">Fundaci\u00f3n Renovables<\/a><br \/>\nDC es socia protectora de la fundaci\u00f3n.<br \/>\n<a href=\"http:\/\/cmescollective.org\/\" target=\"_blank\" rel=\"noopener noreferrer\">CMES \/ Col\u00b7lectiu per a un Nou Model Energ\u00e8tic i social Sostenible<\/a><br \/>\nDC es socia del colectivo.<br \/>\n<a href=\"http:\/\/www.somenergia.coop\/\" target=\"_blank\" rel=\"noopener noreferrer\">Som Energia<\/a><br \/>\nDC es socia de la cooperativa, entre 2013-17 form\u00f3 parte del consejo rector.<\/li>\n<li><b>Mobilidad<br \/>\n<\/b><a href=\"https:\/\/transportpublic.org\/\" target=\"_blank\" rel=\"noopener noreferrer\">Associaci\u00f3 Promoci\u00f3 Transport P\u00fablic (PTP)<\/a><br \/>\nDC es Vicepresidenta de la junta directiva.<\/li>\n<li><b>Vivienda y ciudad<br \/>\n<\/b><a href=\"https:\/\/clavellcanals.com\/ca\/politiques-publiques#\" target=\"_blank\" rel=\"noopener noreferrer\">Associaci\u00f3 Casa Alternativa.<\/a><br \/>\nDC es la presidenta de esta asociaci\u00f3n, que incorpora personas activas que llevan a cabo proyectos concretos innovadores en materia de vivienda, a diferentes escalas, y que defienden la acci\u00f3n y el impulso de proyectos m\u00e1s all\u00e1 de la teor\u00eda y la mera descripci\u00f3n del problema de la vivienda.<\/li>\n<\/ul>\n<div><\/div>\n","protected":false},"excerpt":{"rendered":"<p>La especializaci\u00f3n y experiencia de Clavell Canals Consulting en el Derecho administrativo nos ha llevado a un especial inter\u00e9s por las Pol\u00edticas p\u00fablicas. La necesaria regeneraci\u00f3n democr\u00e1tica del pa\u00eds requiere alianzas basadas en el conocimiento que permitan concretar pol\u00edticas adecuadas, especialmente para las personas desfavorecidas de la sociedad. Tanto el sector p\u00fablico como el privado [&hellip;]<\/p>\n","protected":false},"author":1,"featured_media":723,"parent":0,"menu_order":0,"comment_status":"closed","ping_status":"closed","template":"page-serveis.php","meta":{"_acf_changed":false,"footnotes":""},"class_list":["post-721","page","type-page","status-publish","has-post-thumbnail","hentry"],"acf":[],"yoast_head":"<!-- This site is optimized with the Yoast SEO plugin v23.9 - https:\/\/yoast.com\/wordpress\/plugins\/seo\/ -->\n<title>Pol\u00edticas p\u00fablicas - Clavell Canals Consulting<\/title>\n<meta name=\"robots\" content=\"index, follow, max-snippet:-1, max-image-preview:large, max-video-preview:-1\" \/>\n<link rel=\"canonical\" href=\"https:\/\/clavellcanals.com\/es\/politicas-publicas\/\" \/>\n<meta property=\"og:locale\" content=\"es_ES\" \/>\n<meta property=\"og:type\" content=\"article\" \/>\n<meta property=\"og:title\" content=\"Pol\u00edticas p\u00fablicas - Clavell Canals Consulting\" \/>\n<meta property=\"og:description\" content=\"La especializaci\u00f3n y experiencia de Clavell Canals Consulting en el Derecho administrativo nos ha llevado a un especial inter\u00e9s por las Pol\u00edticas p\u00fablicas. La necesaria regeneraci\u00f3n democr\u00e1tica del pa\u00eds requiere alianzas basadas en el conocimiento que permitan concretar pol\u00edticas adecuadas, especialmente para las personas desfavorecidas de la sociedad. Tanto el sector p\u00fablico como el privado [&hellip;]\" \/>\n<meta property=\"og:url\" content=\"https:\/\/clavellcanals.com\/es\/politicas-publicas\/\" \/>\n<meta property=\"og:site_name\" content=\"Clavell Canals Consulting\" \/>\n<meta property=\"article:modified_time\" content=\"2024-04-22T10:11:48+00:00\" \/>\n<meta property=\"og:image\" content=\"https:\/\/clavellcanals.com\/wp-content\/uploads\/2024\/04\/publiques.jpg\" \/>\n\t<meta property=\"og:image:width\" content=\"1920\" \/>\n\t<meta property=\"og:image:height\" content=\"922\" \/>\n\t<meta property=\"og:image:type\" content=\"image\/jpeg\" \/>\n<meta name=\"twitter:card\" content=\"summary_large_image\" \/>\n<meta name=\"twitter:label1\" content=\"Tiempo de lectura\" \/>\n\t<meta name=\"twitter:data1\" content=\"2 minutos\" \/>\n<script type=\"application\/ld+json\" class=\"yoast-schema-graph\">{\"@context\":\"https:\/\/schema.org\",\"@graph\":[{\"@type\":\"WebPage\",\"@id\":\"https:\/\/clavellcanals.com\/es\/politicas-publicas\/\",\"url\":\"https:\/\/clavellcanals.com\/es\/politicas-publicas\/\",\"name\":\"Pol\u00edticas p\u00fablicas - Clavell Canals Consulting\",\"isPartOf\":{\"@id\":\"https:\/\/clavellcanals.com\/#website\"},\"primaryImageOfPage\":{\"@id\":\"https:\/\/clavellcanals.com\/es\/politicas-publicas\/#primaryimage\"},\"image\":{\"@id\":\"https:\/\/clavellcanals.com\/es\/politicas-publicas\/#primaryimage\"},\"thumbnailUrl\":\"https:\/\/clavellcanals.com\/wp-content\/uploads\/2024\/04\/publiques.jpg\",\"datePublished\":\"2024-03-22T08:16:51+00:00\",\"dateModified\":\"2024-04-22T10:11:48+00:00\",\"breadcrumb\":{\"@id\":\"https:\/\/clavellcanals.com\/es\/politicas-publicas\/#breadcrumb\"},\"inLanguage\":\"es\",\"potentialAction\":[{\"@type\":\"ReadAction\",\"target\":[\"https:\/\/clavellcanals.com\/es\/politicas-publicas\/\"]}]},{\"@type\":\"ImageObject\",\"inLanguage\":\"es\",\"@id\":\"https:\/\/clavellcanals.com\/es\/politicas-publicas\/#primaryimage\",\"url\":\"https:\/\/clavellcanals.com\/wp-content\/uploads\/2024\/04\/publiques.jpg\",\"contentUrl\":\"https:\/\/clavellcanals.com\/wp-content\/uploads\/2024\/04\/publiques.jpg\",\"width\":1920,\"height\":922},{\"@type\":\"BreadcrumbList\",\"@id\":\"https:\/\/clavellcanals.com\/es\/politicas-publicas\/#breadcrumb\",\"itemListElement\":[{\"@type\":\"ListItem\",\"position\":1,\"name\":\"Inici\",\"item\":\"https:\/\/clavellcanals.com\/es\/\"},{\"@type\":\"ListItem\",\"position\":2,\"name\":\"Pol\u00edticas p\u00fablicas\"}]},{\"@type\":\"WebSite\",\"@id\":\"https:\/\/clavellcanals.com\/#website\",\"url\":\"https:\/\/clavellcanals.com\/\",\"name\":\"Clavell Canals Consulting\",\"description\":\"\",\"potentialAction\":[{\"@type\":\"SearchAction\",\"target\":{\"@type\":\"EntryPoint\",\"urlTemplate\":\"https:\/\/clavellcanals.com\/?s={search_term_string}\"},\"query-input\":{\"@type\":\"PropertyValueSpecification\",\"valueRequired\":true,\"valueName\":\"search_term_string\"}}],\"inLanguage\":\"es\"}]}<\/script>\n<!-- \/ Yoast SEO plugin. -->","yoast_head_json":{"title":"Pol\u00edticas p\u00fablicas - Clavell Canals Consulting","robots":{"index":"index","follow":"follow","max-snippet":"max-snippet:-1","max-image-preview":"max-image-preview:large","max-video-preview":"max-video-preview:-1"},"canonical":"https:\/\/clavellcanals.com\/es\/politicas-publicas\/","og_locale":"es_ES","og_type":"article","og_title":"Pol\u00edticas p\u00fablicas - Clavell Canals Consulting","og_description":"La especializaci\u00f3n y experiencia de Clavell Canals Consulting en el Derecho administrativo nos ha llevado a un especial inter\u00e9s por las Pol\u00edticas p\u00fablicas. La necesaria regeneraci\u00f3n democr\u00e1tica del pa\u00eds requiere alianzas basadas en el conocimiento que permitan concretar pol\u00edticas adecuadas, especialmente para las personas desfavorecidas de la sociedad. Tanto el sector p\u00fablico como el privado [&hellip;]","og_url":"https:\/\/clavellcanals.com\/es\/politicas-publicas\/","og_site_name":"Clavell Canals Consulting","article_modified_time":"2024-04-22T10:11:48+00:00","og_image":[{"width":1920,"height":922,"url":"https:\/\/clavellcanals.com\/wp-content\/uploads\/2024\/04\/publiques.jpg","type":"image\/jpeg"}],"twitter_card":"summary_large_image","twitter_misc":{"Tiempo de lectura":"2 minutos"},"schema":{"@context":"https:\/\/schema.org","@graph":[{"@type":"WebPage","@id":"https:\/\/clavellcanals.com\/es\/politicas-publicas\/","url":"https:\/\/clavellcanals.com\/es\/politicas-publicas\/","name":"Pol\u00edticas p\u00fablicas - Clavell Canals Consulting","isPartOf":{"@id":"https:\/\/clavellcanals.com\/#website"},"primaryImageOfPage":{"@id":"https:\/\/clavellcanals.com\/es\/politicas-publicas\/#primaryimage"},"image":{"@id":"https:\/\/clavellcanals.com\/es\/politicas-publicas\/#primaryimage"},"thumbnailUrl":"https:\/\/clavellcanals.com\/wp-content\/uploads\/2024\/04\/publiques.jpg","datePublished":"2024-03-22T08:16:51+00:00","dateModified":"2024-04-22T10:11:48+00:00","breadcrumb":{"@id":"https:\/\/clavellcanals.com\/es\/politicas-publicas\/#breadcrumb"},"inLanguage":"es","potentialAction":[{"@type":"ReadAction","target":["https:\/\/clavellcanals.com\/es\/politicas-publicas\/"]}]},{"@type":"ImageObject","inLanguage":"es","@id":"https:\/\/clavellcanals.com\/es\/politicas-publicas\/#primaryimage","url":"https:\/\/clavellcanals.com\/wp-content\/uploads\/2024\/04\/publiques.jpg","contentUrl":"https:\/\/clavellcanals.com\/wp-content\/uploads\/2024\/04\/publiques.jpg","width":1920,"height":922},{"@type":"BreadcrumbList","@id":"https:\/\/clavellcanals.com\/es\/politicas-publicas\/#breadcrumb","itemListElement":[{"@type":"ListItem","position":1,"name":"Inici","item":"https:\/\/clavellcanals.com\/es\/"},{"@type":"ListItem","position":2,"name":"Pol\u00edticas p\u00fablicas"}]},{"@type":"WebSite","@id":"https:\/\/clavellcanals.com\/#website","url":"https:\/\/clavellcanals.com\/","name":"Clavell Canals Consulting","description":"","potentialAction":[{"@type":"SearchAction","target":{"@type":"EntryPoint","urlTemplate":"https:\/\/clavellcanals.com\/?s={search_term_string}"},"query-input":{"@type":"PropertyValueSpecification","valueRequired":true,"valueName":"search_term_string"}}],"inLanguage":"es"}]}},"_links":{"self":[{"href":"https:\/\/clavellcanals.com\/es\/wp-json\/wp\/v2\/pages\/721","targetHints":{"allow":["GET"]}}],"collection":[{"href":"https:\/\/clavellcanals.com\/es\/wp-json\/wp\/v2\/pages"}],"about":[{"href":"https:\/\/clavellcanals.com\/es\/wp-json\/wp\/v2\/types\/page"}],"author":[{"embeddable":true,"href":"https:\/\/clavellcanals.com\/es\/wp-json\/wp\/v2\/users\/1"}],"replies":[{"embeddable":true,"href":"https:\/\/clavellcanals.com\/es\/wp-json\/wp\/v2\/comments?post=721"}],"version-history":[{"count":3,"href":"https:\/\/clavellcanals.com\/es\/wp-json\/wp\/v2\/pages\/721\/revisions"}],"predecessor-version":[{"id":841,"href":"https:\/\/clavellcanals.com\/es\/wp-json\/wp\/v2\/pages\/721\/revisions\/841"}],"wp:featuredmedia":[{"embeddable":true,"href":"https:\/\/clavellcanals.com\/es\/wp-json\/wp\/v2\/media\/723"}],"wp:attachment":[{"href":"https:\/\/clavellcanals.com\/es\/wp-json\/wp\/v2\/media?parent=721"}],"curies":[{"name":"wp","href":"https:\/\/api.w.org\/{rel}","templated":true}]}}